{"id":334,"date":"2025-10-24T09:06:41","date_gmt":"2025-10-24T09:06:41","guid":{"rendered":"https:\/\/baupotenzial.101.lu\/?page_id=334"},"modified":"2025-10-31T13:44:00","modified_gmt":"2025-10-31T13:44:00","slug":"conditions-dutilisation","status":"publish","type":"page","link":"https:\/\/baupotenzial.101.lu\/fr\/conditions-dutilisation","title":{"rendered":"Aspects l\u00e9gaux"},"content":{"rendered":"<p lang=\"fr-FR\"><span style=\"font-size: 16px;\">Conditions g\u00e9n\u00e9rales d&rsquo;utilisation (CGU) du site<\/span><\/p>\n<p><span lang=\"fr-FR\">Toute personne faisant usage des informations, documents, produits, logiciels et divers services (collectivement les\u00a0<\/span><span lang=\"fr-FR\"><b>\u00ab\u00a0Services\u00a0\u00bb<\/b><\/span><span lang=\"fr-FR\">) propos\u00e9s par ce site est r\u00e9put\u00e9e avoir pris connaissance et accept\u00e9 l&rsquo;int\u00e9gralit\u00e9 des termes et mentions des pr\u00e9sentes conditions g\u00e9n\u00e9rales d&rsquo;utilisation.<\/span><\/p>\n<p><span lang=\"fr-FR\"><b>\u00ab\u00a0Organisme\u00a0\u00bb\u00a0<\/b><\/span><span lang=\"fr-FR\">d\u00e9signe l\u2019autorit\u00e9 publique, le minist\u00e8re, l\u2019administration ou autre organisme public qui seul ou conjointement avec d\u2019autres sont responsables de ce site.<\/span><\/p>\n<p lang=\"fr-FR\">Obligations de l&rsquo;usager<\/p>\n<p lang=\"fr-FR\">L\u2019acc\u00e8s au site se fait par Internet. L\u2019usager d\u00e9clare en conna\u00eetre les risques et les accepter. Il doit se pr\u00e9munir contre les effets de la piraterie informatique en adoptant une configuration informatique adapt\u00e9e et s\u00e9curis\u00e9e.<\/p>\n<p lang=\"fr-FR\">L\u2019Etat du Grand-Duch\u00e9 de Luxembourg ne saurait \u00eatre tenu pour responsable d&rsquo;un quelconque dommage que l\u2019usager subirait directement ou indirectement en relation avec sa navigation sur ce site et l\u2019utilisation de ses services ainsi que les sites Internet auxquels il renvoie.<\/p>\n<p lang=\"fr-FR\">L&rsquo;utilisation du site est gratuite.<\/p>\n<p lang=\"fr-FR\"><b>Gestion des cookies<\/b><\/p>\n<p lang=\"fr-FR\">Ce site utilise des cookies clients, des petits fichiers texte permettant d&rsquo;analyser les informations relatives \u00e0 la navigation de l&rsquo;utilisateur (fr\u00e9quences des visites, dur\u00e9e des visites, pages consult\u00e9es, etc.).<\/p>\n<p lang=\"fr-FR\">Ils sont d\u00e9pos\u00e9s par le site dans un r\u00e9pertoire pr\u00e9vu \u00e0 cet effet sur l&rsquo;ordinateur de l&rsquo;utilisateur. Ils contiennent notamment le nom du serveur qui l&rsquo;a \u00e9crit, un identifiant sous forme de num\u00e9ro unique et une date d&rsquo;expiration. L&rsquo;identifiant unique permet au site de reconna\u00eetre l&rsquo;ordinateur de l&rsquo;utilisateur \u00e0 chaque visite. Les cookies de session sont supprim\u00e9s de l&rsquo;ordinateur de l&rsquo;utilisateur lorsque sa session est ferm\u00e9e. Toutefois les cookies persistants restent sur l&rsquo;ordinateur de l&rsquo;utilisateur 1 mois apr\u00e8s la fin de la session.<\/p>\n<p><span lang=\"fr-FR\">L&rsquo;utilisateur peut lui-m\u00eame d\u00e9cider si le serveur web de ce site est autoris\u00e9 ou non \u00e0 m\u00e9moriser des cookies sur son ordinateur. Il a, \u00e0 tout moment, le choix de r\u00e9gler les options de son navigateur afin que les cookies ne soient accept\u00e9s et m\u00e9moris\u00e9s. Par ailleurs, il peut, \u00e0 tout moment, effacer, via le navigateur, des cookies d\u00e9j\u00e0 m\u00e9moris\u00e9s (<\/span><span style=\"color: #467886;\"><u><a href=\"https:\/\/gouvernement.lu\/fr\/support\/gestion-cookies.html\" target=\"_top\"><span lang=\"fr-FR\">Gestion des cookies<\/span><\/a><\/u><\/span><span lang=\"fr-FR\">)<\/span><\/p>\n<p lang=\"fr-FR\">L&rsquo;utilisation de certaines fonctionnalit\u00e9s du site peut \u00eatre limit\u00e9e ou d\u00e9sactiv\u00e9e si l&rsquo;utilisateur refuse les cookies du site. Il est d\u00e8s lors recommand\u00e9 \u00e0 l&rsquo;utilisateur de r\u00e9gler son navigateur de mani\u00e8re que les cookies du site soient accept\u00e9s.<\/p>\n<p lang=\"fr-FR\"><b>Modification du site<\/b><\/p>\n<p lang=\"fr-FR\">L\u2019Etat du Grand-Duch\u00e9 de Luxembourg se r\u00e9serve la libert\u00e9 de faire \u00e9voluer, de modifier ou de suspendre, sans pr\u00e9avis, ce site pour des raisons de maintenance, de mise \u00e0 jour ou pour tout autre motif jug\u00e9 n\u00e9cessaire.<\/p>\n<p lang=\"fr-FR\">L\u2019Etat du Grand-Duch\u00e9 de Luxembourg pourra notamment \u00e0 tout moment retirer, ajouter, compl\u00e9ter ou pr\u00e9ciser tout ou une partie des informations et services contenus ou propos\u00e9s sur le site. Aucune responsabilit\u00e9 pour un quelconque dommage direct ou indirect en relation avec de telles modifications ne pourra \u00eatre retenue \u00e0 l\u2019encontre de L\u2019Etat du Grand-Duch\u00e9 de Luxembourg.<\/p>\n<p lang=\"fr-FR\"><b>Limitations g\u00e9n\u00e9rales de responsabilit\u00e9<\/b><\/p>\n<p lang=\"fr-FR\">L\u2019Etat du Grand-Duch\u00e9 de Luxembourg assurera au mieux une disponibilit\u00e9 maximale de ce site. Toutefois, sa responsabilit\u00e9 ne saurait \u00eatre retenue en cas d\u2019indisponibilit\u00e9 momentan\u00e9e ou totale du site.<\/p>\n<p lang=\"fr-FR\">L\u2019Etat du Grand-Duch\u00e9 de Luxembourg assurera au mieux la s\u00e9curit\u00e9 du syst\u00e8me informatique. Toutefois, sa responsabilit\u00e9 ne saurait \u00eatre retenue en cas d\u2019attaque du syst\u00e8me informatique ou d\u2019indisponibilit\u00e9 momentan\u00e9e ou totale du site.<\/p>\n<p lang=\"fr-FR\">L\u2019Etat du Grand-Duch\u00e9 de Luxembourg assurera au mieux l\u2019exactitude des informations contenues sur le site, publi\u00e9es sur les r\u00e9seaux sociaux. Cependant, sa responsabilit\u00e9 ne saurait \u00eatre retenue notamment, en cas d\u2019omission de mise \u00e0 jour d\u2019une information ou d\u2019un formulaire, en cas d\u2019erreurs de manipulation du syst\u00e8me ou d\u2019encodage, d\u2019inexactitudes, de lacunes dans les informations fournies ou d\u2019\u00e9ventuelles erreurs, inexactitudes. En effet, l&rsquo;objectif est de diffuser des informations exactes et \u00e0 jour provenant de diverses sources mais l\u2019Etat du Grand-Duch\u00e9 de Luxembourg ne saurait toutefois \u00e9viter tout risque d&rsquo;erreur mat\u00e9rielle. Aucune des informations publi\u00e9es sur ce site n&rsquo;a une vocation d&rsquo;exhaustivit\u00e9 ou constitue un engagement de la part de l\u2019Etat du Grand-Duch\u00e9 de Luxembourg. Les vulgarisations et traductions sont propos\u00e9es \u00e0 titre informatif. Seuls font foi les textes l\u00e9gaux publi\u00e9s au M\u00e9morial (Journal Officiel du Grand-Duch\u00e9 de Luxembourg). Les informations qui figurent sur ce site sont de nature g\u00e9n\u00e9rale. Les informations ne sont pas adapt\u00e9es \u00e0 des circonstances personnelles ou sp\u00e9cifiques et ne peuvent donc pas \u00eatre consid\u00e9r\u00e9es comme des conseils personnels, professionnels ou juridiques \u00e0 l\u2019usager. Si l\u2019usager a besoin de conseils personnels ou sp\u00e9cifiques, il devra toujours consulter les services comp\u00e9tents au sein des diff\u00e9rentes administrations.<\/p>\n<p lang=\"fr-FR\"><b>Limite de responsabilit\u00e9 du site<\/b><\/p>\n<p lang=\"fr-FR\">La responsabilit\u00e9 de ce site est express\u00e9ment exclue pour toutes les cons\u00e9quences directes et indirectes:<\/p>\n<ul>\n<li>\n<p lang=\"fr-FR\">Du d\u00e9faut de compatibilit\u00e9 entre le service offert et les \u00e9quipements, applications, proc\u00e9dures ou infrastructures de l&rsquo;usager ou de tiers;<\/p>\n<\/li>\n<li>\n<p lang=\"fr-FR\">D&rsquo;une faille de s\u00e9curit\u00e9 provenant de l\u2019usager ou d&rsquo;un tiers et plus g\u00e9n\u00e9ralement, de toute faille de s\u00e9curit\u00e9 non directement imputable \u00e0 ce site;<\/p>\n<\/li>\n<li>\n<p lang=\"fr-FR\">Des cons\u00e9quences des erreurs et\/ou des fraudes commises par l&rsquo;usager ou un tiers;<\/p>\n<\/li>\n<li>\n<p lang=\"fr-FR\">D&rsquo;une \u00e9ventuelle indisponibilit\u00e9 ou d&rsquo;un mauvais fonctionnement des syst\u00e8mes ou r\u00e9seaux de communications \u00e9lectroniques.<\/p>\n<\/li>\n<\/ul>\n<p lang=\"fr-FR\"><b>Liens vers sites li\u00e9s<\/b><\/p>\n<p lang=\"fr-FR\">Pour la convenance des usagers, ce site peut contenir des liens vers d\u2019autres sites qui peuvent leur \u00eatre utiles ou qui peuvent les int\u00e9resser. L\u2019Etat du Grand-Duch\u00e9 de Luxembourg ne contr\u00f4le pas syst\u00e9matiquement le contenu de ces sites. Ils ne sauraient d\u00e8s lors \u00eatre tenus responsables des contenus pr\u00e9sent\u00e9s sur ces sites Internet et ce, que ce soit au niveau de leur l\u00e9galit\u00e9 ou de l&rsquo;exactitude des informations qui s&rsquo;y trouvent.<\/p>\n<p lang=\"fr-FR\"><b>Propri\u00e9t\u00e9 intellectuelle<\/b><\/p>\n<p lang=\"fr-FR\">Le site, tous ses \u00e9l\u00e9ments (y compris la mise en page) ainsi que les informations et Services, sont prot\u00e9g\u00e9s par les lois sur la propri\u00e9t\u00e9 intellectuelle et sur les droits d\u2019auteur.<\/p>\n<p lang=\"fr-FR\">Sauf indication contraire, l\u2019Etat du Grand-Duch\u00e9 de Luxembourg n&rsquo;accorde aucune licence ou autorisation relative aux droits de propri\u00e9t\u00e9 intellectuelle qu&rsquo;il a sur ce site, ses \u00e9l\u00e9ments ou les Services.<\/p>\n<p><span lang=\"fr-FR\"><b>Documents de type texte<\/b><\/span><\/p>\n<p lang=\"fr-FR\">Sauf indication contraire, l\u2019usager est autoris\u00e9 \u00e0 consulter, t\u00e9l\u00e9charger et imprimer les documents de type texte sans demande pr\u00e9alable.<\/p>\n<p><span lang=\"fr-FR\"><b>Autres contenus<\/b><\/span><\/p>\n<p lang=\"fr-FR\">Sauf indication contraire, la reproduction d\u2019autres types de contenus (photos, vid\u00e9os, fichiers son, animations, graphismes, etc.) est autoris\u00e9e, moyennant la mention de la source.<\/p>\n<p lang=\"fr-FR\">Ces types de contenus ne peuvent en aucun cas \u00eatre vendus ou lou\u00e9s \u00e0 titre on\u00e9reux.<\/p>\n<p lang=\"fr-FR\">Toute modification, transformation ou adaptation, totale ou partielle des types de contenus pr\u00e9cit\u00e9s est interdite.<\/p>\n<p lang=\"fr-FR\">Les utilisateurs qui reproduisent des contenus du portail s\u2019engagent \u00e0 ne pas en faire un usage contraire \u00e0 la dignit\u00e9 humaine et au respect de la personne.<\/p>\n<p lang=\"fr-FR\">Sauf autorisation expresse de l\u2019\u00e9diteur, le portail gouvernement.lu ne peut \u00eatre int\u00e9gr\u00e9 d&rsquo;une quelconque mani\u00e8re, en tout ou en partie, dans un autre portail ou dans un site Internet.<\/p>\n<p lang=\"fr-FR\">Les droits qui vous sont implicitement ou explicitement accord\u00e9s ci-dessus constituent une autorisation d&rsquo;utilisation et en aucun cas une cession de droits, de propri\u00e9t\u00e9 ou autre relatifs \u00e0 ce portail.<\/p>\n<p lang=\"fr-FR\"><b>Modification des conditions g\u00e9n\u00e9rales d&rsquo;utilisation<\/b><\/p>\n<p lang=\"fr-FR\">Les pr\u00e9sentes conditions g\u00e9n\u00e9rales d&rsquo;utilisation pourront \u00eatre modifi\u00e9es ou compl\u00e9t\u00e9es \u00e0 tout moment, sans pr\u00e9avis, en fonction des modifications apport\u00e9es au site, de l&rsquo;\u00e9volution de la l\u00e9gislation ou pour tout autre motif jug\u00e9 n\u00e9cessaire. Il appartient \u00e0 l\u2019usager de s\u2019informer des conditions g\u00e9n\u00e9rales d&rsquo;utilisation du site, dont seule la version actualis\u00e9e accessible en ligne est r\u00e9put\u00e9e en vigueur. Il est possible qu\u2019entre deux utilisations du site, les conditions g\u00e9n\u00e9rales d\u2019utilisation particuli\u00e8res soient modifi\u00e9es et il appartient, d\u00e8s lors, \u00e0 l\u2019usager de bien lire ces derni\u00e8res avant chaque nouvelle utilisation.<\/p>\n<p lang=\"fr-FR\"><b>Loi applicable et juridictions comp\u00e9tentes<\/b><\/p>\n<p lang=\"fr-FR\">Tout litige relatif \u00e0 l&rsquo;utilisation de ce site et ses Services sera soumis \u00e0 la loi luxembourgeoise et sera de la comp\u00e9tence exclusive des juridictions du Grand-Duch\u00e9 de Luxembourg.<\/p>\n<p lang=\"fr-FR\"><b>Protection des donn\u00e9es \u00e0 caract\u00e8re personnel<\/b><\/p>\n<p lang=\"fr-FR\"><b>G\u00e9n\u00e9ralit\u00e9s<\/b><\/p>\n<p><span lang=\"fr-FR\">Les donn\u00e9es \u00e0 caract\u00e8re personnel communiqu\u00e9es par l\u2019usager sont trait\u00e9es en conformit\u00e9 avec le\u00a0<\/span><span style=\"color: #467886;\"><u><a href=\"https:\/\/eur-lex.europa.eu\/legal-content\/FR\/TXT\/?uri=CELEX:32016R0679\" target=\"_blank\" rel=\"noopener\"><span lang=\"fr-FR\">R\u00e8glement (UE) 2016\/679 du Parlement europ\u00e9en et du Conseil du 27 avril 2016<\/span><\/a><\/u><\/span><span lang=\"fr-FR\">\u00a0relatif \u00e0 la protection des personnes physiques \u00e0 l&rsquo;\u00e9gard du traitement des donn\u00e9es \u00e0 caract\u00e8re personnel et \u00e0 la libre circulation des donn\u00e9es.<\/span><\/p>\n<p lang=\"fr-FR\">L\u2019Etat du Grand-Duch\u00e9 de Luxembourg ne r\u00e9colte pas de donn\u00e9es personnelles mis \u00e0 part les adresses IP dans les logs des serveurs web pour des questions de s\u00e9curit\u00e9, le consentement de l\u2019usager n\u2019est pas n\u00e9cessaire avant de visiter ce site.<\/p>\n<p lang=\"fr-FR\">Le responsable de ces traitements est l\u2019Organisme responsable de ce site.<\/p>\n<p><span lang=\"fr-FR\">L\u2019usager peut adresser des r\u00e9clamations relatives \u00e0 la protection des donn\u00e9es le concernant via les canaux de communication respectifs mis \u00e0 disposition ainsi qu\u2019aupr\u00e8s du responsable, en l\u2019occurrence l\u2019Organisme responsable de ce site. L&rsquo;usager peut, par ailleurs, d\u00e9poser sa r\u00e9clamation aupr\u00e8s du d\u00e9l\u00e9gu\u00e9 \u00e0 la protection des donn\u00e9es de l\u2019Organisme via l&rsquo;adresse e-mail suivante: dataprotection@sip.etat.lu. L&rsquo;usager peut, en outre, s&rsquo;adresser \u00e0 la\u00a0<\/span><span style=\"color: #467886;\"><u><a href=\"https:\/\/cnpd.public.lu\/\" target=\"_blank\" rel=\"noopener\"><span lang=\"fr-FR\">Commission nationale pour la protection des donn\u00e9es<\/span><\/a><\/u><\/span><span lang=\"fr-FR\">\u00a0\u00a0ayant son si\u00e8ge \u00e0 15, Boulevard du Jazz L-4370 Belvaux, pour tout litige dans ce domaine.<\/span><\/p>\n<p lang=\"fr-FR\"><b>Traitements li\u00e9s \u00e0 la mesure d&rsquo;audience<\/b><\/p>\n<p lang=\"fr-FR\">Certaines donn\u00e9es relatives aux mat\u00e9riel et logiciel de l\u2019usager qui ne sont pas de nature \u00e0 l\u2019identifier sont collect\u00e9es lors de sa visite sur le site. Cette collecte a pour seule finalit\u00e9 de disposer de statistiques de fr\u00e9quentation (type de navigateur, r\u00e9solution, localisation approximative, etc.) afin de servir au mieux les usagers.<\/p>\n<p lang=\"fr-FR\">L\u2019adresse IP compl\u00e8te de l\u2019usager n\u2019est en aucun cas conserv\u00e9e. Seule une partie de l\u2019adresse IP est conserv\u00e9e afin d\u2019obtenir des statistiques globales et en aucun cas il n&rsquo;est possible d\u2019identifier un usager.<\/p>\n<p lang=\"fr-FR\">Ces donn\u00e9es sont conserv\u00e9es et h\u00e9berg\u00e9es en Europe dans une solution fournie par un sous-traitant, notamment la soci\u00e9t\u00e9 Adobe Systems Inc., soumis, en tant que sous-traitant, aux m\u00eames obligations l\u00e9gales concernant la protection des donn\u00e9es personnelles et ce, pour le cas o\u00f9 de telles donn\u00e9es venaient \u00e0 \u00eatre r\u00e9colt\u00e9es dans le futur.<\/p>\n<p lang=\"fr-FR\">La dur\u00e9e de conservation de donn\u00e9es n\u2019exc\u00e8de pas celle n\u00e9cessaire pour observer l\u2019\u00e9volution des audiences en fonction de l\u2019\u00e9volution des navigateurs, r\u00e9solutions utilis\u00e9es, ou autres donn\u00e9es statistiques disponibles.<\/p>\n<p lang=\"fr-FR\">Le responsable de ces traitements est l\u2019Organisme responsable de ce site.<\/p>\n<p lang=\"fr-FR\">\u00a0<\/p>\n","protected":false},"excerpt":{"rendered":"<p>Conditions g\u00e9n\u00e9rales d&rsquo;utilisation (CGU) du site Toute personne faisant usage des informations, documents, produits, logiciels et divers services (collectivement les\u00a0\u00ab\u00a0Services\u00a0\u00bb) propos\u00e9s par ce site est r\u00e9put\u00e9e avoir pris connaissance et accept\u00e9 l&rsquo;int\u00e9gralit\u00e9 des termes et mentions des pr\u00e9sentes conditions g\u00e9n\u00e9rales d&rsquo;utilisation. \u00ab\u00a0Organisme\u00a0\u00bb\u00a0d\u00e9signe l\u2019autorit\u00e9 publique, le minist\u00e8re, l\u2019administration ou autre organisme public qui seul ou conjointement [&hellip;]<\/p>\n","protected":false},"author":1,"featured_media":0,"parent":0,"menu_order":0,"comment_status":"closed","ping_status":"closed","template":"page-blank.php","meta":{"_acf_changed":false,"inline_featured_image":false,"footnotes":""},"class_list":["post-334","page","type-page","status-publish","hentry"],"acf":[],"_links":{"self":[{"href":"https:\/\/baupotenzial.101.lu\/fr\/wp-json\/wp\/v2\/pages\/334","targetHints":{"allow":["GET"]}}],"collection":[{"href":"https:\/\/baupotenzial.101.lu\/fr\/wp-json\/wp\/v2\/pages"}],"about":[{"href":"https:\/\/baupotenzial.101.lu\/fr\/wp-json\/wp\/v2\/types\/page"}],"author":[{"embeddable":true,"href":"https:\/\/baupotenzial.101.lu\/fr\/wp-json\/wp\/v2\/users\/1"}],"replies":[{"embeddable":true,"href":"https:\/\/baupotenzial.101.lu\/fr\/wp-json\/wp\/v2\/comments?post=334"}],"version-history":[{"count":2,"href":"https:\/\/baupotenzial.101.lu\/fr\/wp-json\/wp\/v2\/pages\/334\/revisions"}],"predecessor-version":[{"id":339,"href":"https:\/\/baupotenzial.101.lu\/fr\/wp-json\/wp\/v2\/pages\/334\/revisions\/339"}],"wp:attachment":[{"href":"https:\/\/baupotenzial.101.lu\/fr\/wp-json\/wp\/v2\/media?parent=334"}],"curies":[{"name":"wp","href":"https:\/\/api.w.org\/{rel}","templated":true}]}}